{"id":26,"date":"2025-10-02T12:23:31","date_gmt":"2025-10-02T10:23:31","guid":{"rendered":"https:\/\/amerfarma.com\/?page_id=26"},"modified":"2025-10-17T06:32:50","modified_gmt":"2025-10-17T04:32:50","slug":"servicios-a-laboratorios","status":"publish","type":"page","link":"https:\/\/amerfarma.com\/en\/servicios-a-laboratorios\/","title":{"rendered":"Laboratory services"},"content":{"rendered":"<p>[et_pb_section fb_built=\u00bb1&#8243; _builder_version=\u00bb4.25.1&#8243; _module_preset=\u00bbdefault\u00bb global_colors_info=\u00bb{}\u00bb][et_pb_row _builder_version=\u00bb4.25.1&#8243; _module_preset=\u00bbdefault\u00bb global_colors_info=\u00bb{}\u00bb][et_pb_column type=\u00bb4_4&#8243; _builder_version=\u00bb4.25.1&#8243; _module_preset=\u00bbdefault\u00bb global_colors_info=\u00bb{}\u00bb][et_pb_text _builder_version=\u00bb4.25.1&#8243; _module_preset=\u00bbdefault\u00bb header_2_text_align=\u00bbcenter\u00bb header_2_text_color=\u00bbgcid-primary-color\u00bb header_2_font_size=\u00bb32px\u00bb global_colors_info=\u00bb{%22gcid-primary-color%22:%91%22header_2_text_color%22%93}\u00bb]<\/p>\n<h2><strong>Servicios a los laboratorios<\/strong><\/h2>\n<p>[\/et_pb_text][\/et_pb_column][\/et_pb_row][et_pb_row column_structure=\u00bb1_3,1_3,1_3&#8243; make_equal=\u00bbon\u00bb custom_padding_last_edited=\u00bbon|tablet\u00bb _builder_version=\u00bb4.25.1&#8243; _module_preset=\u00bbdefault\u00bb max_width=\u00bb1300px\u00bb custom_padding_tablet=\u00bb||0px||false|false\u00bb custom_padding_phone=\u00bb||0px||false|false\u00bb global_colors_info=\u00bb{}\u00bb][et_pb_column type=\u00bb1_3&#8243; _builder_version=\u00bb4.25.1&#8243; _module_preset=\u00bbdefault\u00bb background_color=\u00bbrgba(0,0,0,0.6)\u00bb background_image=\u00bbhttps:\/\/amerfarma.com\/wp-content\/uploads\/2025\/10\/desarrollo-del-sector-privado.jpg\u00bb background_blend=\u00bbmultiply\u00bb custom_padding=\u00bb30px|30px|30px|30px|true|true\u00bb global_colors_info=\u00bb{}\u00bb][et_pb_icon font_icon=\u00bb&#xf47d;||fa||900&#8243; icon_color=\u00bb#cccccc\u00bb icon_width=\u00bb50px\u00bb align=\u00bbleft\u00bb _builder_version=\u00bb4.25.1&#8243; _module_preset=\u00bbdefault\u00bb custom_margin=\u00bb||15px||false|false\u00bb global_colors_info=\u00bb{}\u00bb][\/et_pb_icon][et_pb_text _builder_version=\u00bb4.25.1&#8243; _module_preset=\u00bbdefault\u00bb text_text_color=\u00bb#FFFFFF\u00bb header_3_text_color=\u00bb#FFFFFF\u00bb global_colors_info=\u00bb{}\u00bb]<\/p>\n<h3>Desarrollo de negocio en el sector privado y gran capilaridad<\/h3>\n<p>Ponemos al servicio de los laboratorios nuestra red consolidada de farmacias, cl\u00ednicas y hospitales privados, lo que garantiza una penetraci\u00f3n r\u00e1pida y eficaz de los productos. Ofrecemos un acompa\u00f1amiento estrat\u00e9gico para identificar segmentos con mayor potencial de crecimiento y dise\u00f1amos planes de acci\u00f3n personalizados. Nuestra experiencia nos permite anticipar tendencias y facilitar la llegada de nuevas terapias al mercado con seguridad y visibilidad.<\/p>\n<p>[\/et_pb_text][\/et_pb_column][et_pb_column type=\u00bb1_3&#8243; _builder_version=\u00bb4.25.1&#8243; _module_preset=\u00bbdefault\u00bb background_color=\u00bbrgba(0,0,0,0.6)\u00bb background_image=\u00bbhttps:\/\/amerfarma.com\/wp-content\/uploads\/2025\/10\/jornadas-y-eventos-profesionales-sanitarios.jpg\u00bb background_blend=\u00bbmultiply\u00bb custom_padding=\u00bb30px|30px|30px|30px|true|true\u00bb global_colors_info=\u00bb{}\u00bb][et_pb_icon font_icon=\u00bb&#xf274;||fa||900&#8243; icon_color=\u00bb#cccccc\u00bb icon_width=\u00bb50px\u00bb align=\u00bbleft\u00bb _builder_version=\u00bb4.25.1&#8243; _module_preset=\u00bbdefault\u00bb custom_margin=\u00bb||15px||false|false\u00bb global_colors_info=\u00bb{}\u00bb][\/et_pb_icon][et_pb_text _builder_version=\u00bb4.25.1&#8243; _module_preset=\u00bbdefault\u00bb text_text_color=\u00bb#FFFFFF\u00bb header_3_text_color=\u00bb#FFFFFF\u00bb global_colors_info=\u00bb{}\u00bb]<\/p>\n<h3>Organizaci\u00f3n de jornadas y eventos de muy alto impacto con profesionales sanitarios y ponentes que son referente en el sector<\/h3>\n<p>Dise\u00f1amos y ejecutamos jornadas formativas y congresos con l\u00edderes de opini\u00f3n clave (KOLs) que refuerzan la credibilidad de los productos. Cuidamos cada detalle de la organizaci\u00f3n, desde la log\u00edstica hasta la selecci\u00f3n de contenidos, asegurando un alto nivel de asistencia y participaci\u00f3n. Estas actividades generan reconocimiento de marca y crean un entorno de confianza entre profesionales y laboratorio.<\/p>\n<p>[\/et_pb_text][\/et_pb_column][et_pb_column type=\u00bb1_3&#8243; _builder_version=\u00bb4.25.1&#8243; _module_preset=\u00bbdefault\u00bb background_color=\u00bbrgba(0,0,0,0.6)\u00bb background_image=\u00bbhttps:\/\/amerfarma.com\/wp-content\/uploads\/2025\/10\/grupos-de-trabajos-farmaceuticas.jpg\u00bb background_blend=\u00bbmultiply\u00bb custom_padding=\u00bb30px|30px|30px|30px|true|true\u00bb global_colors_info=\u00bb{}\u00bb][et_pb_icon font_icon=\u00bb&#xf0c0;||fa||900&#8243; icon_color=\u00bb#cccccc\u00bb icon_width=\u00bb50px\u00bb align=\u00bbleft\u00bb _builder_version=\u00bb4.25.1&#8243; _module_preset=\u00bbdefault\u00bb custom_margin=\u00bb||15px||false|false\u00bb global_colors_info=\u00bb{}\u00bb][\/et_pb_icon][et_pb_text _builder_version=\u00bb4.25.1&#8243; _module_preset=\u00bbdefault\u00bb text_text_color=\u00bb#FFFFFF\u00bb header_3_text_color=\u00bb#FFFFFF\u00bb global_colors_info=\u00bb{}\u00bb]<\/p>\n<h3>Creaci\u00f3n de grupos de trabajo en asociaciones m\u00e9dicas y farmac\u00e9uticas para actualizar los protocolos de prescripci\u00f3n y recomendaci\u00f3n de tratamientos<\/h3>\n<p>Colaboramos activamente con sociedades cient\u00edficas y asociaciones profesionales para impulsar la actualizaci\u00f3n de gu\u00edas y protocolos. Promovemos espacios de debate y consenso que permiten mejorar la pr\u00e1ctica cl\u00ednica y garantizar un uso racional de los medicamentos. El laboratorio obtiene as\u00ed un posicionamiento de liderazgo en innovaci\u00f3n y compromiso con la calidad asistencial.<\/p>\n<p>[\/et_pb_text][\/et_pb_column][\/et_pb_row][et_pb_row column_structure=\u00bb1_3,1_3,1_3&#8243; make_equal=\u00bbon\u00bb custom_padding_last_edited=\u00bbon|tablet\u00bb _builder_version=\u00bb4.25.1&#8243; _module_preset=\u00bbdefault\u00bb max_width=\u00bb1300px\u00bb custom_padding_tablet=\u00bb||0px||false|false\u00bb custom_padding_phone=\u00bb||0px||false|false\u00bb global_colors_info=\u00bb{}\u00bb][et_pb_column type=\u00bb1_3&#8243; _builder_version=\u00bb4.25.1&#8243; _module_preset=\u00bbdefault\u00bb background_color=\u00bbrgba(0,0,0,0.6)\u00bb background_image=\u00bbhttps:\/\/amerfarma.com\/wp-content\/uploads\/2025\/10\/oportunidades-mercado-laboral.jpg\u00bb background_blend=\u00bbmultiply\u00bb custom_padding=\u00bb30px|30px|30px|30px|true|true\u00bb global_colors_info=\u00bb{}\u00bb][et_pb_icon font_icon=\u00bb&#xf002;||fa||900&#8243; icon_color=\u00bb#cccccc\u00bb icon_width=\u00bb50px\u00bb align=\u00bbleft\u00bb _builder_version=\u00bb4.25.1&#8243; _module_preset=\u00bbdefault\u00bb custom_margin=\u00bb||15px||false|false\u00bb global_colors_info=\u00bb{}\u00bb][\/et_pb_icon][et_pb_text _builder_version=\u00bb4.25.1&#8243; _module_preset=\u00bbdefault\u00bb text_text_color=\u00bb#FFFFFF\u00bb header_3_text_color=\u00bb#FFFFFF\u00bb global_colors_info=\u00bb{}\u00bb]<\/p>\n<h3>Investigaci\u00f3n de nuevas oportunidades en mercado nacional<\/h3>\n<p>Realizamos estudios de mercado y an\u00e1lisis de datos para detectar \u00e1reas de crecimiento poco exploradas en el entorno privado. Identificamos nichos terap\u00e9uticos con alta demanda y escasa cobertura, lo que permite a los laboratorios anticiparse a la competencia. Nuestro equipo aporta informaci\u00f3n clave para orientar decisiones estrat\u00e9gicas de inversi\u00f3n y expansi\u00f3n.<\/p>\n<p>[\/et_pb_text][\/et_pb_column][et_pb_column type=\u00bb1_3&#8243; _builder_version=\u00bb4.25.1&#8243; _module_preset=\u00bbdefault\u00bb background_color=\u00bbrgba(0,0,0,0.6)\u00bb background_image=\u00bbhttps:\/\/amerfarma.com\/wp-content\/uploads\/2025\/10\/televenta-y-promocion.jpg\u00bb background_blend=\u00bbmultiply\u00bb custom_padding=\u00bb30px|30px|30px|30px|true|true\u00bb global_colors_info=\u00bb{}\u00bb][et_pb_icon font_icon=\u00bb&#xf590;||fa||900&#8243; icon_color=\u00bb#cccccc\u00bb icon_width=\u00bb50px\u00bb align=\u00bbleft\u00bb _builder_version=\u00bb4.25.1&#8243; _module_preset=\u00bbdefault\u00bb custom_margin=\u00bb||15px||false|false\u00bb global_colors_info=\u00bb{}\u00bb][\/et_pb_icon][et_pb_text _builder_version=\u00bb4.25.1&#8243; _module_preset=\u00bbdefault\u00bb text_text_color=\u00bb#FFFFFF\u00bb header_3_text_color=\u00bb#FFFFFF\u00bb global_colors_info=\u00bb{}\u00bb]<\/p>\n<h3>Televenta y promoci\u00f3n con grupos de farmacias y de hospitales<\/h3>\n<p>Disponemos de equipos de televenta especializados en farmac\u00e9uticos y responsables hospitalarios, capaces de transmitir el valor de los productos de manera directa y efectiva. Esta estrategia permite llegar a un gran n\u00famero de clientes en menor tiempo, reforzando la actividad de los delegados de visita m\u00e9dica. Combinamos la comunicaci\u00f3n digital y telef\u00f3nica con materiales formativos de alta calidad.<\/p>\n<p>[\/et_pb_text][\/et_pb_column][et_pb_column type=\u00bb1_3&#8243; _builder_version=\u00bb4.25.1&#8243; _module_preset=\u00bbdefault\u00bb background_color=\u00bbrgba(0,0,0,0.6)\u00bb background_image=\u00bbhttps:\/\/amerfarma.com\/wp-content\/uploads\/2025\/10\/campanas-redes-sociales-farmacias.jpg\u00bb background_blend=\u00bbmultiply\u00bb custom_padding=\u00bb30px|30px|30px|30px|true|true\u00bb global_colors_info=\u00bb{}\u00bb][et_pb_icon font_icon=\u00bb&#xf201;||fa||900&#8243; icon_color=\u00bb#cccccc\u00bb icon_width=\u00bb50px\u00bb align=\u00bbleft\u00bb _builder_version=\u00bb4.25.1&#8243; _module_preset=\u00bbdefault\u00bb custom_margin=\u00bb||15px||false|false\u00bb global_colors_info=\u00bb{}\u00bb][\/et_pb_icon][et_pb_text _builder_version=\u00bb4.25.1&#8243; _module_preset=\u00bbdefault\u00bb text_text_color=\u00bb#FFFFFF\u00bb header_3_text_color=\u00bb#FFFFFF\u00bb global_colors_info=\u00bb{}\u00bb]<\/p>\n<h3>Campa\u00f1as de alto impacto en redes sociales y farmacias<\/h3>\n<p>Dise\u00f1amos campa\u00f1as multicanal que combinan la presencia digital con la visibilidad en el punto de venta. Trabajamos con farmacias seleccionadas para asegurar una exposici\u00f3n \u00f3ptima de los productos, generando confianza y recomendaci\u00f3n activa. En redes sociales potenciamos la divulgaci\u00f3n cient\u00edfica con mensajes claros y adaptados a cada p\u00fablico, logrando un mayor alcance y notoriedad.<\/p>\n<p>[\/et_pb_text][\/et_pb_column][\/et_pb_row][et_pb_row column_structure=\u00bb1_3,1_3,1_3&#8243; make_equal=\u00bbon\u00bb _builder_version=\u00bb4.25.1&#8243; _module_preset=\u00bbdefault\u00bb max_width=\u00bb1300px\u00bb global_colors_info=\u00bb{}\u00bb][et_pb_column type=\u00bb1_3&#8243; _builder_version=\u00bb4.25.1&#8243; _module_preset=\u00bbdefault\u00bb background_color=\u00bbrgba(0,0,0,0.6)\u00bb background_image=\u00bbhttps:\/\/amerfarma.com\/wp-content\/uploads\/2025\/10\/ponencias-congresos.jpg\u00bb background_blend=\u00bbmultiply\u00bb custom_padding=\u00bb30px|30px|30px|30px|true|true\u00bb global_colors_info=\u00bb{}\u00bb][et_pb_icon font_icon=\u00bb&#xf200;||fa||900&#8243; icon_color=\u00bb#cccccc\u00bb icon_width=\u00bb50px\u00bb align=\u00bbleft\u00bb _builder_version=\u00bb4.25.1&#8243; _module_preset=\u00bbdefault\u00bb custom_margin=\u00bb||15px||false|false\u00bb global_colors_info=\u00bb{}\u00bb][\/et_pb_icon][et_pb_text _builder_version=\u00bb4.25.1&#8243; _module_preset=\u00bbdefault\u00bb text_text_color=\u00bb#FFFFFF\u00bb header_3_text_color=\u00bb#FFFFFF\u00bb global_colors_info=\u00bb{}\u00bb]<\/p>\n<h3>Representaci\u00f3n en congresos, realizaci\u00f3n de ponencias<\/h3>\n<p>Actuamos como aliados del laboratorio en los principales congresos nacionales e internacionales, gestionando la log\u00edstica y presencia de marca. Organizamos ponencias y mesas redondas con expertos que refuerzan el prestigio del producto. Nuestro objetivo es posicionar al laboratorio como actor clave en su \u00e1rea terap\u00e9utica y fortalecer su v\u00ednculo con la comunidad cient\u00edfica.<\/p>\n<p>[\/et_pb_text][\/et_pb_column][et_pb_column type=\u00bb1_3&#8243; _builder_version=\u00bb4.25.1&#8243; _module_preset=\u00bbdefault\u00bb background_color=\u00bbrgba(0,0,0,0.6)\u00bb background_image=\u00bbhttps:\/\/amerfarma.com\/wp-content\/uploads\/2025\/10\/logistica-trazabilidad-envios.jpg\u00bb background_blend=\u00bbmultiply\u00bb custom_padding=\u00bb30px|30px|30px|30px|true|true\u00bb global_colors_info=\u00bb{}\u00bb][et_pb_icon font_icon=\u00bb&#xf4de;||fa||900&#8243; icon_color=\u00bb#cccccc\u00bb icon_width=\u00bb50px\u00bb align=\u00bbleft\u00bb _builder_version=\u00bb4.25.1&#8243; _module_preset=\u00bbdefault\u00bb custom_margin=\u00bb||15px||false|false\u00bb global_colors_info=\u00bb{}\u00bb][\/et_pb_icon][et_pb_text _builder_version=\u00bb4.25.1&#8243; _module_preset=\u00bbdefault\u00bb text_text_color=\u00bb#FFFFFF\u00bb header_3_text_color=\u00bb#FFFFFF\u00bb global_colors_info=\u00bb{}\u00bb]<\/p>\n<h3>Log\u00edstica impecable<\/h3>\n<p>Garantizamos la trazabilidad y seguridad de cada env\u00edo, cumpliendo con los est\u00e1ndares m\u00e1s exigentes de la cadena de suministro (GDP). Nuestra infraestructura nos permite cubrir con eficacia tanto grandes vol\u00famenes como pedidos espec\u00edficos, asegurando puntualidad y calidad. Los laboratorios cuentan con informaci\u00f3n en tiempo real sobre la distribuci\u00f3n, lo que aporta transparencia y control total.<\/p>\n<p>[\/et_pb_text][\/et_pb_column][et_pb_column type=\u00bb1_3&#8243; _builder_version=\u00bb4.25.1&#8243; _module_preset=\u00bbdefault\u00bb background_color=\u00bbrgba(0,0,0,0.6)\u00bb background_image=\u00bbhttps:\/\/amerfarma.com\/wp-content\/uploads\/2025\/10\/acceso-clinicas-de-estetica.jpg\u00bb background_blend=\u00bbmultiply\u00bb custom_padding=\u00bb30px|30px|30px|30px|true|true\u00bb global_colors_info=\u00bb{}\u00bb][et_pb_icon font_icon=\u00bb&#xf0f0;||fa||900&#8243; icon_color=\u00bb#cccccc\u00bb icon_width=\u00bb50px\u00bb align=\u00bbleft\u00bb _builder_version=\u00bb4.25.1&#8243; _module_preset=\u00bbdefault\u00bb custom_margin=\u00bb||15px||false|false\u00bb global_colors_info=\u00bb{}\u00bb][\/et_pb_icon][et_pb_text _builder_version=\u00bb4.27.4&#8243; _module_preset=\u00bbdefault\u00bb text_text_color=\u00bb#FFFFFF\u00bb header_3_text_color=\u00bb#FFFFFF\u00bb hover_enabled=\u00bb0&#8243; global_colors_info=\u00bb{}\u00bb sticky_enabled=\u00bb0&#8243;]<\/p>\n<h3>Acceso a cl\u00ednicas de medicina est\u00e9tica<\/h3>\n<p>Facilitamos la entrada de los laboratorios en un canal en constante crecimiento como es el de la medicina est\u00e9tica (cirug\u00eda pl\u00e1stica, maxilofacial y dermatolog\u00eda). Ponemos en contacto directo a los fabricantes con cl\u00ednicas de prestigio, generando relaciones s\u00f3lidas y oportunidades de negocio. Adem\u00e1s, impulsamos la formaci\u00f3n de los profesionales de este \u00e1mbito para garantizar el uso correcto de los productos y una experiencia positiva para los pacientes.<\/p>\n<p>[\/et_pb_text][\/et_pb_column][\/et_pb_row][\/et_pb_section]<\/p>\n","protected":false},"excerpt":{"rendered":"<p>Servicios a los laboratoriosDesarrollo de negocio en el sector privado y gran capilaridad Ponemos al servicio de los laboratorios nuestra red consolidada de farmacias, cl\u00ednicas y hospitales privados, lo que garantiza una penetraci\u00f3n r\u00e1pida y eficaz de los productos. Ofrecemos un acompa\u00f1amiento estrat\u00e9gico para identificar segmentos con mayor potencial de crecimiento y dise\u00f1amos planes de [&hellip;]<\/p>\n","protected":false},"author":1,"featured_media":547,"parent":0,"menu_order":0,"comment_status":"closed","ping_status":"closed","template":"","meta":{"_et_pb_use_builder":"on","_et_pb_old_content":"","_et_gb_content_width":"","footnotes":""},"class_list":["post-26","page","type-page","status-publish","has-post-thumbnail","hentry"],"_links":{"self":[{"href":"https:\/\/amerfarma.com\/en\/wp-json\/wp\/v2\/pages\/26","targetHints":{"allow":["GET"]}}],"collection":[{"href":"https:\/\/amerfarma.com\/en\/wp-json\/wp\/v2\/pages"}],"about":[{"href":"https:\/\/amerfarma.com\/en\/wp-json\/wp\/v2\/types\/page"}],"author":[{"embeddable":true,"href":"https:\/\/amerfarma.com\/en\/wp-json\/wp\/v2\/users\/1"}],"replies":[{"embeddable":true,"href":"https:\/\/amerfarma.com\/en\/wp-json\/wp\/v2\/comments?post=26"}],"version-history":[{"count":33,"href":"https:\/\/amerfarma.com\/en\/wp-json\/wp\/v2\/pages\/26\/revisions"}],"predecessor-version":[{"id":678,"href":"https:\/\/amerfarma.com\/en\/wp-json\/wp\/v2\/pages\/26\/revisions\/678"}],"wp:featuredmedia":[{"embeddable":true,"href":"https:\/\/amerfarma.com\/en\/wp-json\/wp\/v2\/media\/547"}],"wp:attachment":[{"href":"https:\/\/amerfarma.com\/en\/wp-json\/wp\/v2\/media?parent=26"}],"curies":[{"name":"wp","href":"https:\/\/api.w.org\/{rel}","templated":true}]}}